{"id":62,"date":"2019-01-12T17:35:50","date_gmt":"2019-01-12T17:35:50","guid":{"rendered":"http:\/\/villarichter.de\/?page_id=62"},"modified":"2019-01-12T17:38:09","modified_gmt":"2019-01-12T17:38:09","slug":"datenschutzerklaerung-2","status":"publish","type":"page","link":"https:\/\/villarichter.de\/?page_id=62","title":{"rendered":"Datenschutzerkl\u00e4rung"},"content":{"rendered":"\n<p><strong>Datenschutz<\/strong><\/p>\n\n\n\n<p><strong>Datenschutzerkl\u00e4rung &nbsp;Villarichter <\/strong><\/p>\n\n\n\n<p><a href=\"mailto:tatjana@villarichter.de\">tatjana@villarichter.de<\/a><br>\n<br>\nVielen Dank f\u00fcr dein Interesse an unserer Familien- Seite. <\/p>\n\n\n\n<p>Hier findest Du unsere Erkl\u00e4rung zum Datenschutz.<\/p>\n\n\n\n<p>Wir nehmen den Schutz Deiner pers\u00f6nlichen Daten sehr ernst. Wir behandeln\nDeine personenbezogenen Daten vertraulich und entsprechend der gesetzlichen\nDatenschutzvorschriften sowie dieser Datenschutzerkl\u00e4rung.<\/p>\n\n\n\n<p>Die Nutzung unserer Webseite ist in der Regel ohne Angabe personenbezogener\nDaten m\u00f6glich. Soweit auf unseren Seiten personenbezogene Daten (beispielsweise\nName, Anschrift oder E-Mail-Adressen) erhoben werden, erfolgt dies, soweit\nm\u00f6glich, stets auf freiwilliger Basis. Diese Daten werden ohne Deine\nausdr\u00fcckliche Zustimmung nicht an Dritte weitergegeben.<\/p>\n\n\n\n<p>Wir weisen darauf hin, dass die Daten\u00fcbertragung im Internet (z.B. bei der\nKommunikation per E-Mail) Sicherheitsl\u00fccken aufweisen kann. Ein l\u00fcckenloser\nSchutz der Daten vor dem Zugriff durch Dritte ist nicht m\u00f6glich.<\/p>\n\n\n\n<p><strong>Erbringung unserer satzungs- und gesch\u00e4ftsgem\u00e4\u00dfen Leistungen<\/strong><\/p>\n\n\n\n<p>Wir verarbeiten die Daten der Personen entsprechend Art. 6 Abs. 1 lit. b.\nDSGVO, sofern wir ihnen gegen\u00fcber vertragliche Leistungen anbieten oder im\nRahmen bestehender gesch\u00e4ftlicher Beziehung t\u00e4tig werden oder selbst Empf\u00e4nger\nvon Leistungen und Zuwendungen sind. Im \u00dcbrigen verarbeiten wir die Daten\nbetroffener Personen gem. Art. 6 Abs. 1 lit. f. DSGVO auf Grundlage unserer\nberechtigten Interessen, z.B. wenn es sich um administrative Aufgaben oder\n\u00d6ffentlichkeitsarbeit handelt.<\/p>\n\n\n\n<p>Die hierbei verarbeiteten Daten, die Art, der Umfang und der Zweck und die\nErforderlichkeit ihrer Verarbeitung bestimmen sich nach dem zugrundeliegenden\nVertragsverh\u00e4ltnis. Dazu geh\u00f6ren grunds\u00e4tzlich Bestands- und Stammdaten der\nPersonen (z.B., Name, Adresse, etc.), als auch die Kontaktdaten (z.B.,\nE-Mailadresse, Telefon, etc.), die Vertragsdaten (z.B., in Anspruch genommene\nLeistungen, mitgeteilte Inhalte und Informationen, Namen von Kontaktpersonen)\nund sofern wir zahlungspflichtige Leistungen oder Produkte anbieten,\nZahlungsdaten (z.B., Bankverbindung, Zahlungshistorie, etc.).<\/p>\n\n\n\n<p>Wir l\u00f6schen Daten, die zur Erbringung unserer gesch\u00e4ftsm\u00e4\u00dfigen Zwecke nicht\nmehr erforderlich sind. Dies bestimmt sich entsprechend der jeweiligen Aufgaben\nund vertraglichen Beziehungen. Im Fall gesch\u00e4ftlicher Verarbeitung bewahren wir\ndie Daten so lange auf, wie sie zur Gesch\u00e4ftsabwicklung, als auch im Hinblick\nauf etwaige Gew\u00e4hrleistungs- oder Haftungspflichten relevant sein k\u00f6nnen. Die\nErforderlichkeit der Aufbewahrung der Daten wird alle drei Jahre \u00fcberpr\u00fcft. Im\n\u00dcbrigen gelten die gesetzlichen Aufbewahrungspflichten.<\/p>\n\n\n\n<p><strong>Kontaktaufnahme<\/strong><\/p>\n\n\n\n<p>Bei der Kontaktaufnahme mit uns (z.B. E-Mail, Telefon oder via sozialer\nMedien) werden die Angaben des Nutzers zur Bearbeitung der Kontaktanfrage und\nderen Abwicklung gem. Art. 6 Abs. 1 lit. b) DSGVO verarbeitet. Die Angaben der\nNutzerInnen k\u00f6nnen in einem Customer-Relationship-Management System (\u201eCRM\nSystem\u201c) oder vergleichbarer Anfragenorganisation gespeichert werden.<\/p>\n\n\n\n<p>Wir l\u00f6schen die Anfragen, sofern diese nicht mehr erforderlich sind. Wir\n\u00fcberpr\u00fcfen die Erforderlichkeit alle zwei Jahre. Ferner gelten die gesetzlichen\nArchivierungspflichten.<\/p>\n\n\n\n<p><strong>Eingebettete Inhalte von anderen Websites<\/strong><\/p>\n\n\n\n<p>Beitr\u00e4ge auf dieser Website k\u00f6nnen eingebettete Inhalte beinhalten\n(z.&nbsp;B. Videos, Bilder, Beitr\u00e4ge etc.). Eingebettete Inhalte von anderen\nWebsites verhalten sich exakt so, als ob Du die andere Website besucht h\u00e4ttest.<\/p>\n\n\n\n<p>Diese Websites k\u00f6nnen Daten \u00fcber Dich sammeln, Cookies benutzen,\nzus\u00e4tzliche Tracking-Dienste von Dritten einbetten und Deine Interaktion mit\ndiesem eingebetteten Inhalt aufzeichnen, inklusive Deiner Interaktion mit dem\neingebetteten Inhalt, falls Du ein Konto hast und auf dieser Website angemeldet\nbist.<\/p>\n\n\n\n<p><strong>Hosting und E-Mail-Versand<\/strong><\/p>\n\n\n\n<p>Die von uns in Anspruch genommenen Hosting-Leistungen dienen der\nZurverf\u00fcgungstellung der folgenden Leistungen: Infrastruktur- und\nPlattformdienstleistungen, Rechenkapazit\u00e4t, Speicherplatz und Datenbankdienste,\nE-Mail-Versand, Sicherheitsleistungen sowie technische Wartungsleistungen, die\nwir zum Zwecke des Betriebs dieses Onlineangebotes einsetzen.<\/p>\n\n\n\n<p>Hierbei verarbeiten wir, bzw. unser Hostinganbieter Bestandsdaten,\nKontaktdaten, Inhaltsdaten, Vertragsdaten, Nutzungsdaten, Meta- und\nKommunikationsdaten von KundInnen, InteressentInnen und BesucherInnen dieses\nOnlineangebotes auf Grundlage unserer berechtigten Interessen an einer\neffizienten und sicheren Zurverf\u00fcgungstellung dieses Onlineangebotes gem. Art.\n6 Abs. 1 lit. f DSGVO i.V.m. Art. 28 DSGVO (Abschluss\nAuftragsverarbeitungsvertrag).<\/p>\n\n\n\n<p><strong>Onlinepr\u00e4senzen in sozialen Medien<\/strong><\/p>\n\n\n\n<p>Wir unterhalten Onlinepr\u00e4senzen innerhalb sozialer Netzwerke und\nPlattformen, um mit den dort aktiven KundInnen, InteressentInnen und NutzerInnen\nkommunizieren und sie dort \u00fcber unsere Leistungen informieren zu k\u00f6nnen. Beim\nAufruf der jeweiligen Netzwerke und Plattformen gelten die Gesch\u00e4ftsbedingungen\nund die Datenverarbeitungsrichtlinien deren jeweiligen Betreiber.<\/p>\n\n\n\n<p>Soweit nicht anders im Rahmen unserer Datenschutzerkl\u00e4rung angegeben,\nverarbeiten wir die Daten der Nutzer sofern diese mit uns innerhalb der\nsozialen Netzwerke und Plattformen kommunizieren, z.B. Beitr\u00e4ge auf unseren\nOnlinepr\u00e4senzen verfassen oder uns Nachrichten zusenden.<\/p>\n\n\n\n<p><strong>Einbindung von Diensten und Inhalten Dritter<\/strong><\/p>\n\n\n\n<p>Wir setzen innerhalb unseres Onlineangebotes auf Grundlage unserer\nberechtigten Interessen (d.h. Interesse an der Analyse, Optimierung und\nwirtschaftlichem Betrieb unseres Onlineangebotes im Sinne des Art. 6 Abs. 1 lit.\nf. DSGVO) Inhalts- oder Serviceangebote von Drittanbietern ein, um deren\nInhalte und Services, wie z.B. Videos oder Schriftarten einzubinden\n(nachfolgend einheitlich bezeichnet als \u201cInhalte\u201d).<\/p>\n\n\n\n<p>Dies setzt immer voraus, dass die Drittanbieter dieser Inhalte, die\nIP-Adresse der Nutzer wahrnehmen, da sie ohne die IP-Adresse die Inhalte nicht\nan deren Browser senden k\u00f6nnten. Die IP-Adresse ist damit f\u00fcr die Darstellung\ndieser Inhalte erforderlich. Wir bem\u00fchen uns nur solche Inhalte zu verwenden,\nderen jeweilige Anbieter die IP-Adresse lediglich zur Auslieferung der Inhalte\nverwenden. Drittanbieter k\u00f6nnen ferner so genannte Pixel-Tags (unsichtbare\nGrafiken, auch als \u201eWeb Beacons\u201c bezeichnet) f\u00fcr statistische oder\nMarketingzwecke verwenden. Durch die \u201ePixel-Tags\u201c k\u00f6nnen Informationen, wie der\nBesucherverkehr auf den Seiten dieser Website ausgewertet werden. Die\npseudonymen Informationen k\u00f6nnen ferner in Cookies auf dem Ger\u00e4t der\nNutzerInnen gespeichert werden und unter anderem technische Informationen zum\nBrowser und Betriebssystem, verweisende Webseiten, Besuchszeit sowie weitere\nAngaben zur Nutzung unseres Onlineangebotes enthalten, als auch mit solchen\nInformationen aus anderen Quellen verbunden werden.<\/p>\n\n\n\n<p><strong>Google Maps<\/strong><\/p>\n\n\n\n<p>Wir binden die Landkarten des Dienstes \u201cGoogle Maps\u201d des Anbieters Google\nLLC, 1600 Amphitheatre Parkway, Mountain View, CA 94043, USA, ein. Zu den\nverarbeiteten Daten k\u00f6nnen insbesondere IP-Adressen und Standortdaten der\nNutzer geh\u00f6ren, die jedoch nicht ohne deren Einwilligung (im Regelfall im Rahmen\nder Einstellungen ihrer Mobilger\u00e4te vollzogen), erhoben werden. Die Daten\nk\u00f6nnen in den USA verarbeitet werden. Datenschutzerkl\u00e4rung: <a href=\"https:\/\/www.google.com\/policies\/privacy\/\" target=\"_blank\" rel=\"noreferrer noopener\">https:\/\/www.google.com\/policies\/privacy\/<\/a>,\nOpt-Out: <a href=\"https:\/\/adssettings.google.com\/authenticated\" target=\"_blank\" rel=\"noreferrer noopener\">https:\/\/adssettings.google.com\/authenticated<\/a>.<\/p>\n\n\n\n<p><strong>Verwendung von Facebook Social Plugins<\/strong><\/p>\n\n\n\n<p>Wir nutzen auf Grundlage unserer berechtigten Interessen (d.h. Interesse an\nder Analyse, Optimierung und wirtschaftlichem Betrieb unseres Onlineangebotes\nim Sinne des Art. 6 Abs. 1 lit. f. DSGVO) Social Plugins (\u201ePlugins\u201c) des\nsozialen Netzwerkes facebook.com, welches von der Facebook Ireland Ltd., 4\nGrand Canal Square, Grand Canal Harbour, Dublin 2, Irland betrieben wird\n(\u201eFacebook\u201c). Die Plugins k\u00f6nnen Interaktionselemente oder Inhalte (z.B.\nVideos, Grafiken oder Textbeitr\u00e4ge) darstellen und sind an einem der Facebook\nLogos erkennbar (wei\u00dfes \u201ef\u201c auf blauer Kachel, den Begriffen \u201eLike\u201c, \u201eGef\u00e4llt\nmir\u201c oder einem \u201eDaumen hoch\u201c-Zeichen) oder sind mit dem Zusatz \u201eFacebook\nSocial Plugin\u201c gekennzeichnet. Die Liste und das Aussehen der Facebook Social\nPlugins kann hier eingesehen werden:&nbsp;<a href=\"https:\/\/developers.facebook.com\/docs\/plugins\/\" target=\"_blank\" rel=\"noreferrer noopener\">https:\/\/developers.facebook.com\/docs\/plugins\/<\/a>.<\/p>\n\n\n\n<p>Facebook ist unter dem Privacy-Shield-Abkommen zertifiziert und bietet\nhierdurch eine Garantie, das europ\u00e4ische Datenschutzrecht einzuhalten (<a href=\"https:\/\/www.privacyshield.gov\/participant?id=a2zt0000000GnywAAC&amp;status=Active\" target=\"_blank\" rel=\"noreferrer noopener\">https:\/\/www.privacyshield.gov\/participant?id=a2zt0000000GnywAAC&amp;status=Active<\/a>).<\/p>\n\n\n\n<p>Wenn NutzerInnen eine Funktion dieses Onlineangebotes aufrufen, die ein\nsolches Plugin enth\u00e4lt, baut ihr Ger\u00e4t eine direkte Verbindung mit den Servern\nvon Facebook auf. Der Inhalt des Plugins wird von Facebook direkt an das Ger\u00e4t\nder NutzerInnen \u00fcbermittelt und von diesem in das Onlineangebot eingebunden.\nDabei k\u00f6nnen aus den verarbeiteten Daten Nutzungsprofile der NutzerIn erstellt\nwerden. Wir haben daher keinen Einfluss auf den Umfang der Daten, die Facebook\nmit Hilfe dieses Plugins erhebt und informiert die NutzerIn daher entsprechend\nunserem Kenntnisstand.<\/p>\n\n\n\n<p>Durch die Einbindung der Plugins erh\u00e4lt Facebook die Information, dass ein\nNutzerIn die entsprechende Seite des Onlineangebotes aufgerufen hat. Wenn Du\nbei Facebook eingeloggt bist, kann Facebook den Besuch Deinem Facebook-Konto\nzuordnen. Wenn Du mit den Plugins interagierst, zum Beispiel den Like Button\nbet\u00e4tigst oder einen Kommentar abgibst, wird die entsprechende Information von\nDeinem Ger\u00e4t direkt an Facebook \u00fcbermittelt und dort gespeichert. Falls Du kein\nMitglied von Facebook bist, besteht trotzdem die M\u00f6glichkeit, dass Facebook\nDeine IP-Adresse in Erfahrung bringt und speichert. Laut Facebook wird in\nDeutschland nur eine anonymisierte IP-Adresse gespeichert.<\/p>\n\n\n\n<p>Zweck und Umfang der Datenerhebung und die weitere Verarbeitung und Nutzung\nder Daten durch Facebook sowie die diesbez\u00fcglichen Rechte und\nEinstellungsm\u00f6glichkeiten zum Schutz der Privatsph\u00e4re der Nutzer, k\u00f6nnen diese\nden Datenschutzhinweisen von Facebook entnehmen:&nbsp;<a href=\"https:\/\/www.facebook.com\/about\/privacy\/\" target=\"_blank\" rel=\"noreferrer noopener\">https:\/\/www.facebook.com\/about\/privacy\/<\/a>.<\/p>\n\n\n\n<p>Wenn Du&nbsp; Facebookmitglied bist und nicht m\u00f6chtest, dass Facebook \u00fcber\ndieses Onlineangebot Daten \u00fcber Dich sammelt und mit Deinen bei Facebook\ngespeicherten Mitgliedsdaten verkn\u00fcpft, muss Du Dich vor der Nutzung unseres\nOnlineangebotes bei Facebook ausloggen und Deine Cookies l\u00f6schen. Weitere\nEinstellungen und Widerspr\u00fcche zur Nutzung von Daten f\u00fcr Werbezwecke, sind\ninnerhalb der Facebook-Profileinstellungen m\u00f6glich:&nbsp;<a href=\"https:\/\/www.facebook.com\/settings?tab=ads\" target=\"_blank\" rel=\"noreferrer noopener\">https:\/\/www.facebook.com\/settings?tab=ads<\/a>\n&nbsp;oder \u00fcber die US-amerikanische Seite&nbsp;<a href=\"http:\/\/www.aboutads.info\/choices\/\" target=\"_blank\" rel=\"noreferrer noopener\">http:\/\/www.aboutads.info\/choices\/<\/a>\n&nbsp;oder die EU-Seite&nbsp;<a href=\"http:\/\/www.youronlinechoices.com\/\" target=\"_blank\" rel=\"noreferrer noopener\">http:\/\/www.youronlinechoices.com\/<\/a>. Die\nEinstellungen erfolgen plattformunabh\u00e4ngig, d.h. sie werden f\u00fcr alle Ger\u00e4te,\nwie Desktopcomputer oder mobile Ger\u00e4te \u00fcbernommen.<\/p>\n\n\n\n<p><strong>Youtube<\/strong><\/p>\n\n\n\n<p>Wir binden die Videos der Plattform \u201cYouTube\u201d des Anbieters Google LLC,\n1600 Amphitheatre Parkway, Mountain View, CA 94043, USA, ein.\nDatenschutzerkl\u00e4rung: <a href=\"https:\/\/www.google.com\/policies\/privacy\/\" target=\"_blank\" rel=\"noreferrer noopener\">https:\/\/www.google.com\/policies\/privacy\/<\/a>,\nOpt-Out: <a href=\"https:\/\/adssettings.google.com\/authenticated\" target=\"_blank\" rel=\"noreferrer noopener\">https:\/\/adssettings.google.com\/authenticated<\/a>.<\/p>\n\n\n\n<p>Diese Datenschutzerkl\u00e4rung wurde erstellt unter zu Hilfenahme von <a href=\"https:\/\/datenschutz-generator.de\/\">https:\/\/datenschutz-generator.de\/<\/a>\nund dem Leitfaden zur Datenschutzerkl\u00e4rung von wordpress.com<\/p>\n\n\n\n<p><strong>Juni 2018 Eure Familie Richter <\/strong><\/p>\n","protected":false},"excerpt":{"rendered":"<p>Datenschutz Datenschutzerkl\u00e4rung &nbsp;Villarichter tatjana@villarichter.de Vielen Dank f\u00fcr dein Interesse an unserer Familien- Seite. Hier findest Du unsere Erkl\u00e4rung zum Datenschutz. Wir nehmen den Schutz Deiner pers\u00f6nlichen Daten sehr ernst. Wir behandeln Deine personenbezogenen Daten vertraulich und entsprechend der gesetzlichen Datenschutzvorschriften sowie dieser Datenschutzerkl\u00e4rung. Die Nutzung unserer Webseite ist in der Regel ohne Angabe personenbezogener Daten&hellip;<\/p>\n","protected":false},"author":1,"featured_media":0,"parent":0,"menu_order":0,"comment_status":"closed","ping_status":"closed","template":"","meta":{"ngg_post_thumbnail":0,"footnotes":""},"_links":{"self":[{"href":"https:\/\/villarichter.de\/index.php?rest_route=\/wp\/v2\/pages\/62"}],"collection":[{"href":"https:\/\/villarichter.de\/index.php?rest_route=\/wp\/v2\/pages"}],"about":[{"href":"https:\/\/villarichter.de\/index.php?rest_route=\/wp\/v2\/types\/page"}],"author":[{"embeddable":true,"href":"https:\/\/villarichter.de\/index.php?rest_route=\/wp\/v2\/users\/1"}],"replies":[{"embeddable":true,"href":"https:\/\/villarichter.de\/index.php?rest_route=%2Fwp%2Fv2%2Fcomments&post=62"}],"version-history":[{"count":2,"href":"https:\/\/villarichter.de\/index.php?rest_route=\/wp\/v2\/pages\/62\/revisions"}],"predecessor-version":[{"id":68,"href":"https:\/\/villarichter.de\/index.php?rest_route=\/wp\/v2\/pages\/62\/revisions\/68"}],"wp:attachment":[{"href":"https:\/\/villarichter.de\/index.php?rest_route=%2Fwp%2Fv2%2Fmedia&parent=62"}],"curies":[{"name":"wp","href":"https:\/\/api.w.org\/{rel}","templated":true}]}}