{"id":37,"date":"2019-01-12T17:22:18","date_gmt":"2019-01-12T17:22:18","guid":{"rendered":"http:\/\/villarichter.de\/?page_id=37"},"modified":"2024-11-29T13:57:59","modified_gmt":"2024-11-29T13:57:59","slug":"pferdepension","status":"publish","type":"page","link":"https:\/\/villarichter.de\/?page_id=37","title":{"rendered":"Pferdepension"},"content":{"rendered":"\n<p>Seit nun \u00fcber 25 Jahren f\u00fchren wir (mein Mann Hansj\u00f6rg und meine S\u00f6hne Patrick und Norman) einen kleinen, einfachen, privaten Offenstall. Die Pferde sind im Sommer Tag und Nacht auf unseren 2,2 Ha Weiden direkt am Albtrauf. Im Winter steht den bis zu 5 Pferden ein Stall mit Sandplatz am Haus am Ortsrand von Bissingen an der Teck zu Verf\u00fcgung. Durch die gro\u00dfe Freiheit, die unsere Pferde erfahren, ist unser Stall sehr gut f\u00fcr Gnadenbrotpferde geeignet. <br>Aber auch Reiter\/innen kommen auf Ihre Kosten. Rund um Bissingen erstreckt sich ein wundersch\u00f6nes und vielseitiges Ausreitgel\u00e4nde mit vielen Wiesenwegen. Auch Tagesritte auf die Schw\u00e4bische Alb k\u00f6nnen wir nur empfehlen. Und in unmittelbarer N\u00e4he d\u00fcrfen unsere Einsteller (gegen zus\u00e4tzliche Geb\u00fchr) auch die Halle (20 x 40m) und\/oder den Au\u00dfenplatz (20 x 60m) der Reitanlage von Georg Ederle mitbenutzen. <br> <br><\/p>\n\n\n\n<figure class=\"wp-block-gallery has-nested-images columns-default is-cropped wp-block-gallery-1 is-layout-flex wp-block-gallery-is-layout-flex\">\n<figure class=\"wp-block-image size-large\"><img loading=\"lazy\" decoding=\"async\" width=\"1024\" height=\"683\" data-id=\"112\" src=\"https:\/\/villarichter.de\/wp-content\/uploads\/2019\/01\/358-1024x683.jpg\" alt=\"\" class=\"wp-image-112\" srcset=\"https:\/\/villarichter.de\/wp-content\/uploads\/2019\/01\/358-1024x683.jpg 1024w, https:\/\/villarichter.de\/wp-content\/uploads\/2019\/01\/358-300x200.jpg 300w, https:\/\/villarichter.de\/wp-content\/uploads\/2019\/01\/358-768x512.jpg 768w, https:\/\/villarichter.de\/wp-content\/uploads\/2019\/01\/358.jpg 1500w\" sizes=\"(max-width: 1024px) 100vw, 1024px\" \/><\/figure>\n\n\n\n<figure class=\"wp-block-image size-large\"><img loading=\"lazy\" decoding=\"async\" width=\"1024\" height=\"683\" data-id=\"111\" src=\"https:\/\/villarichter.de\/wp-content\/uploads\/2019\/01\/353a-1024x683.jpg\" alt=\"\" class=\"wp-image-111\" srcset=\"https:\/\/villarichter.de\/wp-content\/uploads\/2019\/01\/353a-1024x683.jpg 1024w, https:\/\/villarichter.de\/wp-content\/uploads\/2019\/01\/353a-300x200.jpg 300w, https:\/\/villarichter.de\/wp-content\/uploads\/2019\/01\/353a-768x512.jpg 768w, https:\/\/villarichter.de\/wp-content\/uploads\/2019\/01\/353a.jpg 1500w\" sizes=\"(max-width: 1024px) 100vw, 1024px\" \/><\/figure>\n\n\n\n<figure class=\"wp-block-image size-large\"><img loading=\"lazy\" decoding=\"async\" width=\"1024\" height=\"683\" data-id=\"110\" src=\"https:\/\/villarichter.de\/wp-content\/uploads\/2019\/01\/214-1024x683.jpg\" alt=\"\" class=\"wp-image-110\" srcset=\"https:\/\/villarichter.de\/wp-content\/uploads\/2019\/01\/214-1024x683.jpg 1024w, https:\/\/villarichter.de\/wp-content\/uploads\/2019\/01\/214-300x200.jpg 300w, https:\/\/villarichter.de\/wp-content\/uploads\/2019\/01\/214-768x512.jpg 768w, https:\/\/villarichter.de\/wp-content\/uploads\/2019\/01\/214.jpg 1500w\" sizes=\"(max-width: 1024px) 100vw, 1024px\" \/><figcaption class=\"wp-element-caption\">Stallbereich von oben<\/figcaption><\/figure>\n\n\n\n<figure class=\"wp-block-image size-large\"><img loading=\"lazy\" decoding=\"async\" width=\"1024\" height=\"679\" data-id=\"109\" src=\"https:\/\/villarichter.de\/wp-content\/uploads\/2019\/01\/237-1024x679.jpg\" alt=\"\" class=\"wp-image-109\" srcset=\"https:\/\/villarichter.de\/wp-content\/uploads\/2019\/01\/237-1024x679.jpg 1024w, https:\/\/villarichter.de\/wp-content\/uploads\/2019\/01\/237-300x199.jpg 300w, https:\/\/villarichter.de\/wp-content\/uploads\/2019\/01\/237-768x509.jpg 768w, https:\/\/villarichter.de\/wp-content\/uploads\/2019\/01\/237.jpg 1500w\" sizes=\"(max-width: 1024px) 100vw, 1024px\" \/><figcaption class=\"wp-element-caption\">traumhaft im Schnee<\/figcaption><\/figure>\n\n\n\n<figure class=\"wp-block-image size-large\"><img loading=\"lazy\" decoding=\"async\" width=\"1024\" height=\"683\" data-id=\"108\" src=\"https:\/\/villarichter.de\/wp-content\/uploads\/2019\/01\/296-1024x683.jpg\" alt=\"\" class=\"wp-image-108\" srcset=\"https:\/\/villarichter.de\/wp-content\/uploads\/2019\/01\/296-1024x683.jpg 1024w, https:\/\/villarichter.de\/wp-content\/uploads\/2019\/01\/296-300x200.jpg 300w, https:\/\/villarichter.de\/wp-content\/uploads\/2019\/01\/296-768x512.jpg 768w, https:\/\/villarichter.de\/wp-content\/uploads\/2019\/01\/296.jpg 1500w\" sizes=\"(max-width: 1024px) 100vw, 1024px\" \/><figcaption class=\"wp-element-caption\">Mutter und Sohn<\/figcaption><\/figure>\n\n\n\n<figure class=\"wp-block-image size-large\"><img loading=\"lazy\" decoding=\"async\" width=\"1024\" height=\"685\" data-id=\"117\" src=\"https:\/\/villarichter.de\/wp-content\/uploads\/2019\/01\/11a-1024x685.jpg\" alt=\"\" class=\"wp-image-117\" srcset=\"https:\/\/villarichter.de\/wp-content\/uploads\/2019\/01\/11a-1024x685.jpg 1024w, https:\/\/villarichter.de\/wp-content\/uploads\/2019\/01\/11a-300x201.jpg 300w, https:\/\/villarichter.de\/wp-content\/uploads\/2019\/01\/11a-768x514.jpg 768w, https:\/\/villarichter.de\/wp-content\/uploads\/2019\/01\/11a.jpg 1500w\" sizes=\"(max-width: 1024px) 100vw, 1024px\" \/><\/figure>\n\n\n\n<figure class=\"wp-block-image size-large\"><img loading=\"lazy\" decoding=\"async\" width=\"1024\" height=\"683\" data-id=\"107\" src=\"https:\/\/villarichter.de\/wp-content\/uploads\/2019\/01\/228-1024x683.jpg\" alt=\"\" class=\"wp-image-107\" srcset=\"https:\/\/villarichter.de\/wp-content\/uploads\/2019\/01\/228-1024x683.jpg 1024w, https:\/\/villarichter.de\/wp-content\/uploads\/2019\/01\/228-300x200.jpg 300w, https:\/\/villarichter.de\/wp-content\/uploads\/2019\/01\/228-768x513.jpg 768w, https:\/\/villarichter.de\/wp-content\/uploads\/2019\/01\/228.jpg 1500w\" sizes=\"(max-width: 1024px) 100vw, 1024px\" \/><\/figure>\n\n\n\n<figure class=\"wp-block-image size-large\"><img loading=\"lazy\" decoding=\"async\" width=\"1024\" height=\"683\" data-id=\"106\" src=\"https:\/\/villarichter.de\/wp-content\/uploads\/2019\/01\/207a-1024x683.jpg\" alt=\"\" class=\"wp-image-106\" srcset=\"https:\/\/villarichter.de\/wp-content\/uploads\/2019\/01\/207a-1024x683.jpg 1024w, https:\/\/villarichter.de\/wp-content\/uploads\/2019\/01\/207a-300x200.jpg 300w, https:\/\/villarichter.de\/wp-content\/uploads\/2019\/01\/207a-768x512.jpg 768w, https:\/\/villarichter.de\/wp-content\/uploads\/2019\/01\/207a.jpg 1500w\" sizes=\"(max-width: 1024px) 100vw, 1024px\" \/><figcaption class=\"wp-element-caption\">im Stall<\/figcaption><\/figure>\n\n\n\n<figure class=\"wp-block-image size-large\"><img loading=\"lazy\" decoding=\"async\" width=\"1024\" height=\"683\" data-id=\"105\" src=\"https:\/\/villarichter.de\/wp-content\/uploads\/2019\/01\/195-1024x683.jpg\" alt=\"\" class=\"wp-image-105\" srcset=\"https:\/\/villarichter.de\/wp-content\/uploads\/2019\/01\/195-1024x683.jpg 1024w, https:\/\/villarichter.de\/wp-content\/uploads\/2019\/01\/195-300x200.jpg 300w, https:\/\/villarichter.de\/wp-content\/uploads\/2019\/01\/195-768x512.jpg 768w, https:\/\/villarichter.de\/wp-content\/uploads\/2019\/01\/195.jpg 1500w\" sizes=\"(max-width: 1024px) 100vw, 1024px\" \/><figcaption class=\"wp-element-caption\">&#8222;\u00c4rgere mich nicht!&#8220;<\/figcaption><\/figure>\n\n\n\n<figure class=\"wp-block-image size-large\"><img loading=\"lazy\" decoding=\"async\" width=\"683\" height=\"1024\" data-id=\"104\" src=\"https:\/\/villarichter.de\/wp-content\/uploads\/2019\/01\/158-683x1024.jpg\" alt=\"\" class=\"wp-image-104\" srcset=\"https:\/\/villarichter.de\/wp-content\/uploads\/2019\/01\/158-683x1024.jpg 683w, https:\/\/villarichter.de\/wp-content\/uploads\/2019\/01\/158-200x300.jpg 200w, https:\/\/villarichter.de\/wp-content\/uploads\/2019\/01\/158-768x1152.jpg 768w, https:\/\/villarichter.de\/wp-content\/uploads\/2019\/01\/158.jpg 1000w\" sizes=\"(max-width: 683px) 100vw, 683px\" \/><\/figure>\n\n\n\n<figure class=\"wp-block-image size-large\"><img loading=\"lazy\" decoding=\"async\" width=\"1024\" height=\"683\" data-id=\"103\" src=\"https:\/\/villarichter.de\/wp-content\/uploads\/2019\/01\/143-1024x683.jpg\" alt=\"\" class=\"wp-image-103\" srcset=\"https:\/\/villarichter.de\/wp-content\/uploads\/2019\/01\/143-1024x683.jpg 1024w, https:\/\/villarichter.de\/wp-content\/uploads\/2019\/01\/143-300x200.jpg 300w, https:\/\/villarichter.de\/wp-content\/uploads\/2019\/01\/143-768x512.jpg 768w, https:\/\/villarichter.de\/wp-content\/uploads\/2019\/01\/143.jpg 1500w\" sizes=\"(max-width: 1024px) 100vw, 1024px\" \/><\/figure>\n\n\n\n<figure class=\"wp-block-image size-large\"><img loading=\"lazy\" decoding=\"async\" width=\"668\" height=\"1024\" data-id=\"102\" src=\"https:\/\/villarichter.de\/wp-content\/uploads\/2019\/01\/99a-668x1024.jpg\" alt=\"\" class=\"wp-image-102\" srcset=\"https:\/\/villarichter.de\/wp-content\/uploads\/2019\/01\/99a-668x1024.jpg 668w, https:\/\/villarichter.de\/wp-content\/uploads\/2019\/01\/99a-196x300.jpg 196w, https:\/\/villarichter.de\/wp-content\/uploads\/2019\/01\/99a-768x1177.jpg 768w, https:\/\/villarichter.de\/wp-content\/uploads\/2019\/01\/99a.jpg 979w\" sizes=\"(max-width: 668px) 100vw, 668px\" \/><\/figure>\n\n\n\n<figure class=\"wp-block-image size-large\"><img loading=\"lazy\" decoding=\"async\" width=\"1024\" height=\"683\" data-id=\"101\" src=\"https:\/\/villarichter.de\/wp-content\/uploads\/2019\/01\/118-1024x683.jpg\" alt=\"\" class=\"wp-image-101\" srcset=\"https:\/\/villarichter.de\/wp-content\/uploads\/2019\/01\/118-1024x683.jpg 1024w, https:\/\/villarichter.de\/wp-content\/uploads\/2019\/01\/118-300x200.jpg 300w, https:\/\/villarichter.de\/wp-content\/uploads\/2019\/01\/118-768x512.jpg 768w, https:\/\/villarichter.de\/wp-content\/uploads\/2019\/01\/118.jpg 1500w\" sizes=\"(max-width: 1024px) 100vw, 1024px\" \/><figcaption class=\"wp-element-caption\">im sch\u00f6nen Sandplatz l\u00e4sst sich gut schlafen!<\/figcaption><\/figure>\n\n\n\n<figure class=\"wp-block-image size-large\"><img loading=\"lazy\" decoding=\"async\" width=\"1024\" height=\"683\" data-id=\"100\" src=\"https:\/\/villarichter.de\/wp-content\/uploads\/2019\/01\/111a-1024x683.jpg\" alt=\"\" class=\"wp-image-100\" srcset=\"https:\/\/villarichter.de\/wp-content\/uploads\/2019\/01\/111a-1024x683.jpg 1024w, https:\/\/villarichter.de\/wp-content\/uploads\/2019\/01\/111a-300x200.jpg 300w, https:\/\/villarichter.de\/wp-content\/uploads\/2019\/01\/111a-768x512.jpg 768w, https:\/\/villarichter.de\/wp-content\/uploads\/2019\/01\/111a.jpg 1500w\" sizes=\"(max-width: 1024px) 100vw, 1024px\" \/><figcaption class=\"wp-element-caption\">weitere Bewohner&#8230; <\/figcaption><\/figure>\n\n\n\n<figure class=\"wp-block-image size-large\"><img loading=\"lazy\" decoding=\"async\" width=\"1024\" height=\"683\" data-id=\"99\" src=\"https:\/\/villarichter.de\/wp-content\/uploads\/2019\/01\/51-1024x683.jpg\" alt=\"\" class=\"wp-image-99\" srcset=\"https:\/\/villarichter.de\/wp-content\/uploads\/2019\/01\/51-1024x683.jpg 1024w, https:\/\/villarichter.de\/wp-content\/uploads\/2019\/01\/51-300x200.jpg 300w, https:\/\/villarichter.de\/wp-content\/uploads\/2019\/01\/51-768x512.jpg 768w, https:\/\/villarichter.de\/wp-content\/uploads\/2019\/01\/51.jpg 1500w\" sizes=\"(max-width: 1024px) 100vw, 1024px\" \/><figcaption class=\"wp-element-caption\">Sehr sch\u00f6nens Ausreitgel\u00e4nde<\/figcaption><\/figure>\n\n\n\n<figure class=\"wp-block-image size-large\"><img loading=\"lazy\" decoding=\"async\" width=\"1024\" height=\"842\" data-id=\"98\" src=\"https:\/\/villarichter.de\/wp-content\/uploads\/2019\/01\/48-1024x842.jpg\" alt=\"\" class=\"wp-image-98\" srcset=\"https:\/\/villarichter.de\/wp-content\/uploads\/2019\/01\/48-1024x842.jpg 1024w, https:\/\/villarichter.de\/wp-content\/uploads\/2019\/01\/48-300x247.jpg 300w, https:\/\/villarichter.de\/wp-content\/uploads\/2019\/01\/48-768x632.jpg 768w, https:\/\/villarichter.de\/wp-content\/uploads\/2019\/01\/48.jpg 1500w\" sizes=\"(max-width: 1024px) 100vw, 1024px\" \/><figcaption class=\"wp-element-caption\">Wanderreitstation Tatjana Richter, Wanderreiten, Reiten, Pferd, Pferde<\/figcaption><\/figure>\n\n\n\n<figure class=\"wp-block-image size-large\"><img loading=\"lazy\" decoding=\"async\" width=\"1024\" height=\"683\" data-id=\"97\" src=\"https:\/\/villarichter.de\/wp-content\/uploads\/2019\/01\/28-1024x683.jpg\" alt=\"\" class=\"wp-image-97\" srcset=\"https:\/\/villarichter.de\/wp-content\/uploads\/2019\/01\/28-1024x683.jpg 1024w, https:\/\/villarichter.de\/wp-content\/uploads\/2019\/01\/28-300x200.jpg 300w, https:\/\/villarichter.de\/wp-content\/uploads\/2019\/01\/28-768x512.jpg 768w, https:\/\/villarichter.de\/wp-content\/uploads\/2019\/01\/28.jpg 1500w\" sizes=\"(max-width: 1024px) 100vw, 1024px\" \/><figcaption class=\"wp-element-caption\">Ranch im Sommer unter der Teck<\/figcaption><\/figure>\n\n\n\n<figure class=\"wp-block-image size-large\"><img loading=\"lazy\" decoding=\"async\" width=\"1024\" height=\"683\" data-id=\"96\" src=\"https:\/\/villarichter.de\/wp-content\/uploads\/2019\/01\/15-1024x683.jpg\" alt=\"\" class=\"wp-image-96\" srcset=\"https:\/\/villarichter.de\/wp-content\/uploads\/2019\/01\/15-1024x683.jpg 1024w, https:\/\/villarichter.de\/wp-content\/uploads\/2019\/01\/15-300x200.jpg 300w, https:\/\/villarichter.de\/wp-content\/uploads\/2019\/01\/15-768x512.jpg 768w, https:\/\/villarichter.de\/wp-content\/uploads\/2019\/01\/15.jpg 1500w\" sizes=\"(max-width: 1024px) 100vw, 1024px\" \/><figcaption class=\"wp-element-caption\">Unter der Burg Teck&#8230; <\/figcaption><\/figure>\n\n\n\n<figure class=\"wp-block-image size-large\"><img loading=\"lazy\" decoding=\"async\" width=\"1024\" height=\"576\" data-id=\"94\" src=\"https:\/\/villarichter.de\/wp-content\/uploads\/2019\/01\/Ranchrichten-5-Mai-Nabelhaus-1024x576.jpg\" alt=\"\" class=\"wp-image-94\" srcset=\"https:\/\/villarichter.de\/wp-content\/uploads\/2019\/01\/Ranchrichten-5-Mai-Nabelhaus-1024x576.jpg 1024w, https:\/\/villarichter.de\/wp-content\/uploads\/2019\/01\/Ranchrichten-5-Mai-Nabelhaus-300x169.jpg 300w, https:\/\/villarichter.de\/wp-content\/uploads\/2019\/01\/Ranchrichten-5-Mai-Nabelhaus-768x432.jpg 768w, https:\/\/villarichter.de\/wp-content\/uploads\/2019\/01\/Ranchrichten-5-Mai-Nabelhaus-1140x641.jpg 1140w, https:\/\/villarichter.de\/wp-content\/uploads\/2019\/01\/Ranchrichten-5-Mai-Nabelhaus-540x304.jpg 540w, https:\/\/villarichter.de\/wp-content\/uploads\/2019\/01\/Ranchrichten-5-Mai-Nabelhaus.jpg 1280w\" sizes=\"(max-width: 1024px) 100vw, 1024px\" \/><figcaption class=\"wp-element-caption\">Nabelh\u00e4usle von der Koppel <\/figcaption><\/figure>\n\n\n\n<figure class=\"wp-block-image size-large\"><img loading=\"lazy\" decoding=\"async\" width=\"1024\" height=\"575\" data-id=\"93\" src=\"https:\/\/villarichter.de\/wp-content\/uploads\/2019\/01\/Zimmer-im-Gr\u00fcnen-1024x575.jpg\" alt=\"\" class=\"wp-image-93\" srcset=\"https:\/\/villarichter.de\/wp-content\/uploads\/2019\/01\/Zimmer-im-Gr\u00fcnen-1024x575.jpg 1024w, https:\/\/villarichter.de\/wp-content\/uploads\/2019\/01\/Zimmer-im-Gr\u00fcnen-300x168.jpg 300w, https:\/\/villarichter.de\/wp-content\/uploads\/2019\/01\/Zimmer-im-Gr\u00fcnen-768x431.jpg 768w, https:\/\/villarichter.de\/wp-content\/uploads\/2019\/01\/Zimmer-im-Gr\u00fcnen-1140x641.jpg 1140w, https:\/\/villarichter.de\/wp-content\/uploads\/2019\/01\/Zimmer-im-Gr\u00fcnen-540x304.jpg 540w\" sizes=\"(max-width: 1024px) 100vw, 1024px\" \/><figcaption class=\"wp-element-caption\">&#8222;Zimmer im Gr\u00fcnen&#8220; im Schnee<\/figcaption><\/figure>\n\n\n\n<figure class=\"wp-block-image size-large\"><img loading=\"lazy\" decoding=\"async\" width=\"1024\" height=\"575\" data-id=\"92\" src=\"https:\/\/villarichter.de\/wp-content\/uploads\/2019\/01\/Uhlig-Wiese-Koppelsaison-Beginn-1024x575.jpg\" alt=\"\" class=\"wp-image-92\" srcset=\"https:\/\/villarichter.de\/wp-content\/uploads\/2019\/01\/Uhlig-Wiese-Koppelsaison-Beginn-1024x575.jpg 1024w, https:\/\/villarichter.de\/wp-content\/uploads\/2019\/01\/Uhlig-Wiese-Koppelsaison-Beginn-300x168.jpg 300w, https:\/\/villarichter.de\/wp-content\/uploads\/2019\/01\/Uhlig-Wiese-Koppelsaison-Beginn-768x431.jpg 768w, https:\/\/villarichter.de\/wp-content\/uploads\/2019\/01\/Uhlig-Wiese-Koppelsaison-Beginn-1140x641.jpg 1140w, https:\/\/villarichter.de\/wp-content\/uploads\/2019\/01\/Uhlig-Wiese-Koppelsaison-Beginn-540x304.jpg 540w\" sizes=\"(max-width: 1024px) 100vw, 1024px\" \/><figcaption class=\"wp-element-caption\">Kirschbl\u00fcte auf der Koppel<\/figcaption><\/figure>\n<\/figure>\n","protected":false},"excerpt":{"rendered":"<p>Seit nun \u00fcber 25 Jahren f\u00fchren wir (mein Mann Hansj\u00f6rg und meine S\u00f6hne Patrick und Norman) einen kleinen, einfachen, privaten Offenstall. Die Pferde sind im Sommer Tag und Nacht auf unseren 2,2 Ha Weiden direkt am Albtrauf. Im Winter steht den bis zu 5 Pferden ein Stall mit Sandplatz am Haus am Ortsrand von Bissingen&hellip;<\/p>\n","protected":false},"author":1,"featured_media":0,"parent":0,"menu_order":0,"comment_status":"closed","ping_status":"closed","template":"","meta":{"ngg_post_thumbnail":0,"footnotes":""},"_links":{"self":[{"href":"https:\/\/villarichter.de\/index.php?rest_route=\/wp\/v2\/pages\/37"}],"collection":[{"href":"https:\/\/villarichter.de\/index.php?rest_route=\/wp\/v2\/pages"}],"about":[{"href":"https:\/\/villarichter.de\/index.php?rest_route=\/wp\/v2\/types\/page"}],"author":[{"embeddable":true,"href":"https:\/\/villarichter.de\/index.php?rest_route=\/wp\/v2\/users\/1"}],"replies":[{"embeddable":true,"href":"https:\/\/villarichter.de\/index.php?rest_route=%2Fwp%2Fv2%2Fcomments&post=37"}],"version-history":[{"count":14,"href":"https:\/\/villarichter.de\/index.php?rest_route=\/wp\/v2\/pages\/37\/revisions"}],"predecessor-version":[{"id":517,"href":"https:\/\/villarichter.de\/index.php?rest_route=\/wp\/v2\/pages\/37\/revisions\/517"}],"wp:attachment":[{"href":"https:\/\/villarichter.de\/index.php?rest_route=%2Fwp%2Fv2%2Fmedia&parent=37"}],"curies":[{"name":"wp","href":"https:\/\/api.w.org\/{rel}","templated":true}]}}